{"id":298,"date":"2020-11-27T13:16:12","date_gmt":"2020-11-27T12:16:12","guid":{"rendered":"https:\/\/www.levandeo.de\/ratgeber\/?page_id=298"},"modified":"2023-08-04T08:25:13","modified_gmt":"2023-08-04T06:25:13","slug":"einrichten-wohnen","status":"publish","type":"page","link":"https:\/\/www.levandeo.de\/ratgeber\/einrichten-wohnen\/","title":{"rendered":"Home &#038; Living"},"content":{"rendered":"\t\t<div data-elementor-type=\"wp-page\" data-elementor-id=\"298\" class=\"elementor elementor-298\">\n\t\t\t\t\t\t<div class=\"elementor-inner\">\n\t\t\t\t<div class=\"elementor-section-wrap\">\n\t\t\t\t\t\t\t\t\t<section class=\"elementor-section elementor-top-section elementor-element elementor-element-f742349 elementor-section-boxed elementor-section-height-default elementor-section-height-default\" data-id=\"f742349\" data-element_type=\"section\" data-settings=\"{&quot;background_background&quot;:&quot;classic&quot;}\">\n\t\t\t\t\t\t<div class=\"elementor-container elementor-column-gap-default\">\n\t\t\t\t\t\t\t<div class=\"elementor-row\">\n\t\t\t\t\t<div class=\"elementor-column elementor-col-100 elementor-top-column elementor-element elementor-element-ec51c4f\" data-id=\"ec51c4f\" data-element_type=\"column\" data-settings=\"{&quot;background_background&quot;:&quot;classic&quot;}\">\n\t\t\t<div class=\"elementor-column-wrap elementor-element-populated\">\n\t\t\t\t\t\t\t<div class=\"elementor-widget-wrap\">\n\t\t\t\t\t\t<div class=\"elementor-element elementor-element-1f78ca1 elementor-widget elementor-widget-global elementor-global-923 elementor-widget-breadcrumbs\" data-id=\"1f78ca1\" data-element_type=\"widget\" data-widget_type=\"breadcrumbs.default\">\n\t\t\t\t<div class=\"elementor-widget-container\">\n\t\t\t<nav aria-label=\"breadcrumbs\" class=\"rank-math-breadcrumb\"><p><span class=\"last\">Startseite<\/span><\/p><\/nav>\t\t<\/div>\n\t\t\t\t<\/div>\n\t\t\t\t\t\t<\/div>\n\t\t\t\t\t<\/div>\n\t\t<\/div>\n\t\t\t\t\t\t\t\t<\/div>\n\t\t\t\t\t<\/div>\n\t\t<\/section>\n\t\t\t\t<section class=\"elementor-section elementor-top-section elementor-element elementor-element-792fd0f elementor-section-boxed elementor-section-height-default elementor-section-height-default\" data-id=\"792fd0f\" data-element_type=\"section\" data-settings=\"{&quot;background_background&quot;:&quot;classic&quot;}\">\n\t\t\t\t\t\t<div class=\"elementor-container elementor-column-gap-default\">\n\t\t\t\t\t\t\t<div class=\"elementor-row\">\n\t\t\t\t\t<div class=\"elementor-column elementor-col-100 elementor-top-column elementor-element elementor-element-251dfdd\" data-id=\"251dfdd\" data-element_type=\"column\" data-settings=\"{&quot;background_background&quot;:&quot;classic&quot;}\">\n\t\t\t<div class=\"elementor-column-wrap elementor-element-populated\">\n\t\t\t\t\t\t\t<div class=\"elementor-widget-wrap\">\n\t\t\t\t\t\t\t\t<\/div>\n\t\t\t\t\t<\/div>\n\t\t<\/div>\n\t\t\t\t\t\t\t\t<\/div>\n\t\t\t\t\t<\/div>\n\t\t<\/section>\n\t\t\t\t<section class=\"elementor-section elementor-top-section elementor-element elementor-element-5c6a7789 elementor-section-boxed elementor-section-height-default elementor-section-height-default\" data-id=\"5c6a7789\" data-element_type=\"section\">\n\t\t\t\t\t\t<div class=\"elementor-container elementor-column-gap-default\">\n\t\t\t\t\t\t\t<div class=\"elementor-row\">\n\t\t\t\t\t<div class=\"elementor-column elementor-col-100 elementor-top-column elementor-element elementor-element-4b95578d\" data-id=\"4b95578d\" data-element_type=\"column\">\n\t\t\t<div class=\"elementor-column-wrap elementor-element-populated\">\n\t\t\t\t\t\t\t<div class=\"elementor-widget-wrap\">\n\t\t\t\t\t\t<div class=\"elementor-element elementor-element-4ad97a6a elementor-posts--align-center elementor-grid-3 elementor-grid-tablet-2 elementor-grid-mobile-1 elementor-posts--thumbnail-top elementor-card-shadow-yes elementor-posts__hover-gradient elementor-widget elementor-widget-posts\" data-id=\"4ad97a6a\" data-element_type=\"widget\" data-settings=\"{&quot;cards_masonry&quot;:&quot;yes&quot;,&quot;pagination_type&quot;:&quot;numbers&quot;,&quot;cards_columns&quot;:&quot;3&quot;,&quot;cards_columns_tablet&quot;:&quot;2&quot;,&quot;cards_columns_mobile&quot;:&quot;1&quot;,&quot;cards_row_gap&quot;:{&quot;unit&quot;:&quot;px&quot;,&quot;size&quot;:35,&quot;sizes&quot;:[]},&quot;cards_row_gap_tablet&quot;:{&quot;unit&quot;:&quot;px&quot;,&quot;size&quot;:&quot;&quot;,&quot;sizes&quot;:[]},&quot;cards_row_gap_mobile&quot;:{&quot;unit&quot;:&quot;px&quot;,&quot;size&quot;:&quot;&quot;,&quot;sizes&quot;:[]}}\" data-widget_type=\"posts.cards\">\n\t\t\t\t<div class=\"elementor-widget-container\">\n\t\t\t\t\t<div class=\"elementor-posts-container elementor-posts elementor-posts--skin-cards elementor-grid\">\n\t\t\t\t<article class=\"elementor-post elementor-grid-item post-2896 post type-post status-publish format-standard has-post-thumbnail hentry category-home-living\">\n\t\t\t<div class=\"elementor-post__card\">\n\t\t\t\t<a class=\"elementor-post__thumbnail__link\" href=\"https:\/\/www.levandeo.de\/ratgeber\/licht-im-herbst-kerzen-windlichter-und-spiegel-fuer-stimmungsvolle-abende\/\" ><div class=\"elementor-post__thumbnail\"><img width=\"300\" height=\"107\" src=\"https:\/\/www.levandeo.de\/ratgeber\/wp-content\/uploads\/2025\/10\/Licht-im-Herbst-Kerzen-Windlichter-und-Spiegel-fuer-stimmungsvolle-Abende-300x107.jpg\" class=\"attachment-medium size-medium wp-image-2868\" alt=\"Licht im Herbst - Kerzen, Windlichter und Spiegel f\u00fcr stimmungsvolle Abende\" decoding=\"async\" loading=\"lazy\" srcset=\"https:\/\/www.levandeo.de\/ratgeber\/wp-content\/uploads\/2025\/10\/Licht-im-Herbst-Kerzen-Windlichter-und-Spiegel-fuer-stimmungsvolle-Abende-300x107.jpg 300w, https:\/\/www.levandeo.de\/ratgeber\/wp-content\/uploads\/2025\/10\/Licht-im-Herbst-Kerzen-Windlichter-und-Spiegel-fuer-stimmungsvolle-Abende-1024x366.jpg 1024w, https:\/\/www.levandeo.de\/ratgeber\/wp-content\/uploads\/2025\/10\/Licht-im-Herbst-Kerzen-Windlichter-und-Spiegel-fuer-stimmungsvolle-Abende-768x274.jpg 768w, https:\/\/www.levandeo.de\/ratgeber\/wp-content\/uploads\/2025\/10\/Licht-im-Herbst-Kerzen-Windlichter-und-Spiegel-fuer-stimmungsvolle-Abende.jpg 1120w\" sizes=\"(max-width: 300px) 100vw, 300px\" \/><\/div><\/a>\n\t\t\t\t<div class=\"elementor-post__text\">\n\t\t\t\t<h3 class=\"elementor-post__title\">\n\t\t\t<a href=\"https:\/\/www.levandeo.de\/ratgeber\/licht-im-herbst-kerzen-windlichter-und-spiegel-fuer-stimmungsvolle-abende\/\" >\n\t\t\t\tLicht im Herbst &#8211; Kerzen, Windlichter und Spiegel f\u00fcr stimmungsvolle Abende\t\t\t<\/a>\n\t\t<\/h3>\n\t\t\t\t<\/div>\n\t\t\t\t\t<\/div>\n\t\t<\/article>\n\t\t\t\t<article class=\"elementor-post elementor-grid-item post-2622 post type-post status-publish format-standard has-post-thumbnail hentry category-home-living\">\n\t\t\t<div class=\"elementor-post__card\">\n\t\t\t\t<a class=\"elementor-post__thumbnail__link\" href=\"https:\/\/www.levandeo.de\/ratgeber\/wohnen-wie-am-meer-maritime-ideen-fuer-dekoration-und-einrichtung\/\" ><div class=\"elementor-post__thumbnail\"><img width=\"300\" height=\"107\" src=\"https:\/\/www.levandeo.de\/ratgeber\/wp-content\/uploads\/2025\/04\/Wohnen-wie-am-Meer-Maritime-Ideen-fuer-Dekoration-und-Einrichtung-300x107.jpg\" class=\"attachment-medium size-medium wp-image-2632\" alt=\"Wohnen wie am Meer - Maritime Ideen f\u00fcr Dekoration und Einrichtung\" decoding=\"async\" loading=\"lazy\" srcset=\"https:\/\/www.levandeo.de\/ratgeber\/wp-content\/uploads\/2025\/04\/Wohnen-wie-am-Meer-Maritime-Ideen-fuer-Dekoration-und-Einrichtung-300x107.jpg 300w, https:\/\/www.levandeo.de\/ratgeber\/wp-content\/uploads\/2025\/04\/Wohnen-wie-am-Meer-Maritime-Ideen-fuer-Dekoration-und-Einrichtung-1024x366.jpg 1024w, https:\/\/www.levandeo.de\/ratgeber\/wp-content\/uploads\/2025\/04\/Wohnen-wie-am-Meer-Maritime-Ideen-fuer-Dekoration-und-Einrichtung-768x274.jpg 768w, https:\/\/www.levandeo.de\/ratgeber\/wp-content\/uploads\/2025\/04\/Wohnen-wie-am-Meer-Maritime-Ideen-fuer-Dekoration-und-Einrichtung.jpg 1120w\" sizes=\"(max-width: 300px) 100vw, 300px\" \/><\/div><\/a>\n\t\t\t\t<div class=\"elementor-post__text\">\n\t\t\t\t<h3 class=\"elementor-post__title\">\n\t\t\t<a href=\"https:\/\/www.levandeo.de\/ratgeber\/wohnen-wie-am-meer-maritime-ideen-fuer-dekoration-und-einrichtung\/\" >\n\t\t\t\tWohnen wie am Meer &#8211; Maritime Ideen f\u00fcr Dekoration und Einrichtung\t\t\t<\/a>\n\t\t<\/h3>\n\t\t\t\t<\/div>\n\t\t\t\t\t<\/div>\n\t\t<\/article>\n\t\t\t\t<article class=\"elementor-post elementor-grid-item post-2354 post type-post status-publish format-standard has-post-thumbnail hentry category-home-living category-allgemein\">\n\t\t\t<div class=\"elementor-post__card\">\n\t\t\t\t<a class=\"elementor-post__thumbnail__link\" href=\"https:\/\/www.levandeo.de\/ratgeber\/geschenkideen-fuer-jeden-anlass-freunde-und-familie-kreativ-beschenken\/\" ><div class=\"elementor-post__thumbnail\"><img width=\"300\" height=\"107\" src=\"https:\/\/www.levandeo.de\/ratgeber\/wp-content\/uploads\/2024\/12\/Geschenkideen-fuer-jeden-Anlass-Freunde-und-Familie-kreativ-beschenken-300x107.jpg\" class=\"attachment-medium size-medium wp-image-2359\" alt=\"Geschenkideen f\u00fcr jeden Anlass - Freunde und Familie kreativ beschenken\" decoding=\"async\" loading=\"lazy\" srcset=\"https:\/\/www.levandeo.de\/ratgeber\/wp-content\/uploads\/2024\/12\/Geschenkideen-fuer-jeden-Anlass-Freunde-und-Familie-kreativ-beschenken-300x107.jpg 300w, https:\/\/www.levandeo.de\/ratgeber\/wp-content\/uploads\/2024\/12\/Geschenkideen-fuer-jeden-Anlass-Freunde-und-Familie-kreativ-beschenken-1024x366.jpg 1024w, https:\/\/www.levandeo.de\/ratgeber\/wp-content\/uploads\/2024\/12\/Geschenkideen-fuer-jeden-Anlass-Freunde-und-Familie-kreativ-beschenken-768x274.jpg 768w, https:\/\/www.levandeo.de\/ratgeber\/wp-content\/uploads\/2024\/12\/Geschenkideen-fuer-jeden-Anlass-Freunde-und-Familie-kreativ-beschenken.jpg 1120w\" sizes=\"(max-width: 300px) 100vw, 300px\" \/><\/div><\/a>\n\t\t\t\t<div class=\"elementor-post__text\">\n\t\t\t\t<h3 class=\"elementor-post__title\">\n\t\t\t<a href=\"https:\/\/www.levandeo.de\/ratgeber\/geschenkideen-fuer-jeden-anlass-freunde-und-familie-kreativ-beschenken\/\" >\n\t\t\t\tGeschenkideen f\u00fcr jeden Anlass &#8211; Freunde und Familie kreativ beschenken\t\t\t<\/a>\n\t\t<\/h3>\n\t\t\t\t<\/div>\n\t\t\t\t\t<\/div>\n\t\t<\/article>\n\t\t\t\t<article class=\"elementor-post elementor-grid-item post-2290 post type-post status-publish format-standard has-post-thumbnail hentry category-home-living\">\n\t\t\t<div class=\"elementor-post__card\">\n\t\t\t\t<a class=\"elementor-post__thumbnail__link\" href=\"https:\/\/www.levandeo.de\/ratgeber\/licht-durch-lampen-und-kerzen-so-sorgen-sie-fuer-mehr-helligkeit-in-der-dunklen-jahreszeit\/\" ><div class=\"elementor-post__thumbnail\"><img width=\"300\" height=\"107\" src=\"https:\/\/www.levandeo.de\/ratgeber\/wp-content\/uploads\/2024\/10\/Licht-durch-Lampen-und-Kerzen-So-sorgen-Sie-fuer-mehr-Helligkeit-in-der-dunklen-Jahreszeit-300x107.jpg\" class=\"attachment-medium size-medium wp-image-2302\" alt=\"Licht durch Lampen und Kerzen: So sorgen Sie f\u00fcr mehr Helligkeit in der dunklen Jahreszeit\" decoding=\"async\" loading=\"lazy\" srcset=\"https:\/\/www.levandeo.de\/ratgeber\/wp-content\/uploads\/2024\/10\/Licht-durch-Lampen-und-Kerzen-So-sorgen-Sie-fuer-mehr-Helligkeit-in-der-dunklen-Jahreszeit-300x107.jpg 300w, https:\/\/www.levandeo.de\/ratgeber\/wp-content\/uploads\/2024\/10\/Licht-durch-Lampen-und-Kerzen-So-sorgen-Sie-fuer-mehr-Helligkeit-in-der-dunklen-Jahreszeit-1024x366.jpg 1024w, https:\/\/www.levandeo.de\/ratgeber\/wp-content\/uploads\/2024\/10\/Licht-durch-Lampen-und-Kerzen-So-sorgen-Sie-fuer-mehr-Helligkeit-in-der-dunklen-Jahreszeit-768x274.jpg 768w, https:\/\/www.levandeo.de\/ratgeber\/wp-content\/uploads\/2024\/10\/Licht-durch-Lampen-und-Kerzen-So-sorgen-Sie-fuer-mehr-Helligkeit-in-der-dunklen-Jahreszeit.jpg 1120w\" sizes=\"(max-width: 300px) 100vw, 300px\" \/><\/div><\/a>\n\t\t\t\t<div class=\"elementor-post__text\">\n\t\t\t\t<h3 class=\"elementor-post__title\">\n\t\t\t<a href=\"https:\/\/www.levandeo.de\/ratgeber\/licht-durch-lampen-und-kerzen-so-sorgen-sie-fuer-mehr-helligkeit-in-der-dunklen-jahreszeit\/\" >\n\t\t\t\tLicht durch Lampen und Kerzen: So sorgen Sie f\u00fcr mehr Helligkeit in der dunklen Jahreszeit\t\t\t<\/a>\n\t\t<\/h3>\n\t\t\t\t<\/div>\n\t\t\t\t\t<\/div>\n\t\t<\/article>\n\t\t\t\t<article class=\"elementor-post elementor-grid-item post-2258 post type-post status-publish format-standard has-post-thumbnail hentry category-home-living\">\n\t\t\t<div class=\"elementor-post__card\">\n\t\t\t\t<a class=\"elementor-post__thumbnail__link\" href=\"https:\/\/www.levandeo.de\/ratgeber\/gemuetlichkeit-fuer-zuhause-im-herbst-look-so-gehts\/\" ><div class=\"elementor-post__thumbnail\"><img width=\"300\" height=\"107\" src=\"https:\/\/www.levandeo.de\/ratgeber\/wp-content\/uploads\/2024\/09\/Gemuetlichkeit-fuer-Zuhause-im-Herbst-Look-So-gehts-300x107.jpg\" class=\"attachment-medium size-medium wp-image-2263\" alt=\"Gem\u00fctlichkeit f\u00fcr Zuhause im Herbst-Look - So geht\u2019s\" decoding=\"async\" loading=\"lazy\" srcset=\"https:\/\/www.levandeo.de\/ratgeber\/wp-content\/uploads\/2024\/09\/Gemuetlichkeit-fuer-Zuhause-im-Herbst-Look-So-gehts-300x107.jpg 300w, https:\/\/www.levandeo.de\/ratgeber\/wp-content\/uploads\/2024\/09\/Gemuetlichkeit-fuer-Zuhause-im-Herbst-Look-So-gehts-1024x366.jpg 1024w, https:\/\/www.levandeo.de\/ratgeber\/wp-content\/uploads\/2024\/09\/Gemuetlichkeit-fuer-Zuhause-im-Herbst-Look-So-gehts-768x274.jpg 768w, https:\/\/www.levandeo.de\/ratgeber\/wp-content\/uploads\/2024\/09\/Gemuetlichkeit-fuer-Zuhause-im-Herbst-Look-So-gehts.jpg 1120w\" sizes=\"(max-width: 300px) 100vw, 300px\" \/><\/div><\/a>\n\t\t\t\t<div class=\"elementor-post__text\">\n\t\t\t\t<h3 class=\"elementor-post__title\">\n\t\t\t<a href=\"https:\/\/www.levandeo.de\/ratgeber\/gemuetlichkeit-fuer-zuhause-im-herbst-look-so-gehts\/\" >\n\t\t\t\tGem\u00fctlichkeit f\u00fcr Zuhause im Herbst-Look &#8211; So geht\u2019s\t\t\t<\/a>\n\t\t<\/h3>\n\t\t\t\t<\/div>\n\t\t\t\t\t<\/div>\n\t\t<\/article>\n\t\t\t\t<article class=\"elementor-post elementor-grid-item post-2151 post type-post status-publish format-standard has-post-thumbnail hentry category-home-living\">\n\t\t\t<div class=\"elementor-post__card\">\n\t\t\t\t<a class=\"elementor-post__thumbnail__link\" href=\"https:\/\/www.levandeo.de\/ratgeber\/lufterfrischer-aromaoele-und-duftkerzen-wie-sie-raumduefte-optimal-einsetzen\/\" ><div class=\"elementor-post__thumbnail\"><img width=\"300\" height=\"107\" src=\"https:\/\/www.levandeo.de\/ratgeber\/wp-content\/uploads\/2024\/06\/Lufterfrischer-Aromaoele-Duftkerzen-Wie-Sie-Raumduefte-optimal-einsetzen-300x107.jpg\" class=\"attachment-medium size-medium wp-image-2159\" alt=\"Lufterfrischer, Aroma\u00f6le und Duftkerzen - Wie Sie Raumd\u00fcfte optimal einsetzen\" decoding=\"async\" loading=\"lazy\" srcset=\"https:\/\/www.levandeo.de\/ratgeber\/wp-content\/uploads\/2024\/06\/Lufterfrischer-Aromaoele-Duftkerzen-Wie-Sie-Raumduefte-optimal-einsetzen-300x107.jpg 300w, https:\/\/www.levandeo.de\/ratgeber\/wp-content\/uploads\/2024\/06\/Lufterfrischer-Aromaoele-Duftkerzen-Wie-Sie-Raumduefte-optimal-einsetzen-1024x366.jpg 1024w, https:\/\/www.levandeo.de\/ratgeber\/wp-content\/uploads\/2024\/06\/Lufterfrischer-Aromaoele-Duftkerzen-Wie-Sie-Raumduefte-optimal-einsetzen-768x274.jpg 768w, https:\/\/www.levandeo.de\/ratgeber\/wp-content\/uploads\/2024\/06\/Lufterfrischer-Aromaoele-Duftkerzen-Wie-Sie-Raumduefte-optimal-einsetzen.jpg 1120w\" sizes=\"(max-width: 300px) 100vw, 300px\" \/><\/div><\/a>\n\t\t\t\t<div class=\"elementor-post__text\">\n\t\t\t\t<h3 class=\"elementor-post__title\">\n\t\t\t<a href=\"https:\/\/www.levandeo.de\/ratgeber\/lufterfrischer-aromaoele-und-duftkerzen-wie-sie-raumduefte-optimal-einsetzen\/\" >\n\t\t\t\tLufterfrischer, Aroma\u00f6le und Duftkerzen &#8211; Wie Sie Raumd\u00fcfte optimal einsetzen\t\t\t<\/a>\n\t\t<\/h3>\n\t\t\t\t<\/div>\n\t\t\t\t\t<\/div>\n\t\t<\/article>\n\t\t\t\t<article class=\"elementor-post elementor-grid-item post-2067 post type-post status-publish format-standard has-post-thumbnail hentry category-allgemein category-home-living\">\n\t\t\t<div class=\"elementor-post__card\">\n\t\t\t\t<a class=\"elementor-post__thumbnail__link\" href=\"https:\/\/www.levandeo.de\/ratgeber\/inspirierende-und-besondere-deko-ideen-fuer-ihren-couchtisch\/\" ><div class=\"elementor-post__thumbnail\"><img width=\"300\" height=\"107\" src=\"https:\/\/www.levandeo.de\/ratgeber\/wp-content\/uploads\/2024\/03\/couchtisch-300x107.jpg\" class=\"attachment-medium size-medium wp-image-2077\" alt=\"Shutterstock.com\" decoding=\"async\" loading=\"lazy\" srcset=\"https:\/\/www.levandeo.de\/ratgeber\/wp-content\/uploads\/2024\/03\/couchtisch-300x107.jpg 300w, https:\/\/www.levandeo.de\/ratgeber\/wp-content\/uploads\/2024\/03\/couchtisch-1024x366.jpg 1024w, https:\/\/www.levandeo.de\/ratgeber\/wp-content\/uploads\/2024\/03\/couchtisch-768x274.jpg 768w, https:\/\/www.levandeo.de\/ratgeber\/wp-content\/uploads\/2024\/03\/couchtisch.jpg 1120w\" sizes=\"(max-width: 300px) 100vw, 300px\" \/><\/div><\/a>\n\t\t\t\t<div class=\"elementor-post__text\">\n\t\t\t\t<h3 class=\"elementor-post__title\">\n\t\t\t<a href=\"https:\/\/www.levandeo.de\/ratgeber\/inspirierende-und-besondere-deko-ideen-fuer-ihren-couchtisch\/\" >\n\t\t\t\tInspirierende und besondere Deko Ideen f\u00fcr Ihren Couchtisch\t\t\t<\/a>\n\t\t<\/h3>\n\t\t\t\t<\/div>\n\t\t\t\t\t<\/div>\n\t\t<\/article>\n\t\t\t\t<article class=\"elementor-post elementor-grid-item post-2031 post type-post status-publish format-standard has-post-thumbnail hentry category-allgemein category-home-living\">\n\t\t\t<div class=\"elementor-post__card\">\n\t\t\t\t<a class=\"elementor-post__thumbnail__link\" href=\"https:\/\/www.levandeo.de\/ratgeber\/couchtisch-welcher-couchtisch-passt-zu-welchem-sofa\/\" ><div class=\"elementor-post__thumbnail\"><img width=\"300\" height=\"107\" src=\"https:\/\/www.levandeo.de\/ratgeber\/wp-content\/uploads\/2024\/01\/Welcher-Couchtisch-passt-zu-welchem-Sofa-300x107.jpg\" class=\"attachment-medium size-medium wp-image-2033\" alt=\"Couchtisch: Welcher Couchtisch passt zu welchem Sofa?\" decoding=\"async\" loading=\"lazy\" srcset=\"https:\/\/www.levandeo.de\/ratgeber\/wp-content\/uploads\/2024\/01\/Welcher-Couchtisch-passt-zu-welchem-Sofa-300x107.jpg 300w, https:\/\/www.levandeo.de\/ratgeber\/wp-content\/uploads\/2024\/01\/Welcher-Couchtisch-passt-zu-welchem-Sofa-1024x366.jpg 1024w, https:\/\/www.levandeo.de\/ratgeber\/wp-content\/uploads\/2024\/01\/Welcher-Couchtisch-passt-zu-welchem-Sofa-768x274.jpg 768w, https:\/\/www.levandeo.de\/ratgeber\/wp-content\/uploads\/2024\/01\/Welcher-Couchtisch-passt-zu-welchem-Sofa.jpg 1120w\" sizes=\"(max-width: 300px) 100vw, 300px\" \/><\/div><\/a>\n\t\t\t\t<div class=\"elementor-post__text\">\n\t\t\t\t<h3 class=\"elementor-post__title\">\n\t\t\t<a href=\"https:\/\/www.levandeo.de\/ratgeber\/couchtisch-welcher-couchtisch-passt-zu-welchem-sofa\/\" >\n\t\t\t\tCouchtisch: Welcher Couchtisch passt zu welchem Sofa?\t\t\t<\/a>\n\t\t<\/h3>\n\t\t\t\t<\/div>\n\t\t\t\t\t<\/div>\n\t\t<\/article>\n\t\t\t\t<article class=\"elementor-post elementor-grid-item post-1979 post type-post status-publish format-standard has-post-thumbnail hentry category-allgemein category-home-living\">\n\t\t\t<div class=\"elementor-post__card\">\n\t\t\t\t<a class=\"elementor-post__thumbnail__link\" href=\"https:\/\/www.levandeo.de\/ratgeber\/herbst-deko\/\" ><div class=\"elementor-post__thumbnail\"><img width=\"300\" height=\"107\" src=\"https:\/\/www.levandeo.de\/ratgeber\/wp-content\/uploads\/2023\/10\/Herbst-Deko-300x107.jpg\" class=\"attachment-medium size-medium wp-image-1983\" alt=\"Bunte Bl\u00e4tter und K\u00fcrbisse: So gestalten Sie eine charmante Herbstdeko\" decoding=\"async\" loading=\"lazy\" srcset=\"https:\/\/www.levandeo.de\/ratgeber\/wp-content\/uploads\/2023\/10\/Herbst-Deko-300x107.jpg 300w, https:\/\/www.levandeo.de\/ratgeber\/wp-content\/uploads\/2023\/10\/Herbst-Deko-1024x366.jpg 1024w, https:\/\/www.levandeo.de\/ratgeber\/wp-content\/uploads\/2023\/10\/Herbst-Deko-768x274.jpg 768w, https:\/\/www.levandeo.de\/ratgeber\/wp-content\/uploads\/2023\/10\/Herbst-Deko.jpg 1120w\" sizes=\"(max-width: 300px) 100vw, 300px\" \/><\/div><\/a>\n\t\t\t\t<div class=\"elementor-post__text\">\n\t\t\t\t<h3 class=\"elementor-post__title\">\n\t\t\t<a href=\"https:\/\/www.levandeo.de\/ratgeber\/herbst-deko\/\" >\n\t\t\t\tBunte Bl\u00e4tter und K\u00fcrbisse: So gestalten Sie eine charmante Herbstdeko\t\t\t<\/a>\n\t\t<\/h3>\n\t\t\t\t<\/div>\n\t\t\t\t\t<\/div>\n\t\t<\/article>\n\t\t\t\t<article class=\"elementor-post elementor-grid-item post-1943 post type-post status-publish format-standard has-post-thumbnail hentry category-home-living\">\n\t\t\t<div class=\"elementor-post__card\">\n\t\t\t\t<a class=\"elementor-post__thumbnail__link\" href=\"https:\/\/www.levandeo.de\/ratgeber\/aufbewahrungsmoeglichkeiten-im-wohnzimmer-diese-moeglichkeiten-gibts\/\" ><div class=\"elementor-post__thumbnail\"><img width=\"300\" height=\"107\" src=\"https:\/\/www.levandeo.de\/ratgeber\/wp-content\/uploads\/2023\/06\/koerbe-300x107.png\" class=\"attachment-medium size-medium wp-image-1950\" alt=\"Fr\u00fchlingsreinigung des Schr\u00e4nken. Vertikales Aufr\u00e4umen des Speichers. Fein gefaltete Bettw\u00e4sche in den schwarzen Metallk\u00f6rben f\u00fcr Kleiderschrank. Nordischer Stil.\" decoding=\"async\" loading=\"lazy\" srcset=\"https:\/\/www.levandeo.de\/ratgeber\/wp-content\/uploads\/2023\/06\/koerbe-300x107.png 300w, https:\/\/www.levandeo.de\/ratgeber\/wp-content\/uploads\/2023\/06\/koerbe-1024x366.png 1024w, https:\/\/www.levandeo.de\/ratgeber\/wp-content\/uploads\/2023\/06\/koerbe-768x274.png 768w, https:\/\/www.levandeo.de\/ratgeber\/wp-content\/uploads\/2023\/06\/koerbe.png 1120w\" sizes=\"(max-width: 300px) 100vw, 300px\" \/><\/div><\/a>\n\t\t\t\t<div class=\"elementor-post__text\">\n\t\t\t\t<h3 class=\"elementor-post__title\">\n\t\t\t<a href=\"https:\/\/www.levandeo.de\/ratgeber\/aufbewahrungsmoeglichkeiten-im-wohnzimmer-diese-moeglichkeiten-gibts\/\" >\n\t\t\t\tAufbewahrungsm\u00f6glichkeiten &#8211; diese M\u00f6glichkeiten gibt&#8217;s!\t\t\t<\/a>\n\t\t<\/h3>\n\t\t\t\t<\/div>\n\t\t\t\t\t<\/div>\n\t\t<\/article>\n\t\t\t\t<article class=\"elementor-post elementor-grid-item post-1332 post type-post status-publish format-standard has-post-thumbnail hentry category-allgemein category-home-living\">\n\t\t\t<div class=\"elementor-post__card\">\n\t\t\t\t<a class=\"elementor-post__thumbnail__link\" href=\"https:\/\/www.levandeo.de\/ratgeber\/raumduefte-mit-allen-fuenf-sinnen-zuhause-wohlfuehlen\/\" ><div class=\"elementor-post__thumbnail\"><img width=\"300\" height=\"107\" src=\"https:\/\/www.levandeo.de\/ratgeber\/wp-content\/uploads\/2021\/07\/raumduefte-mit-allen-fuenf-sinnen-zuhause-wohlfuehlen-300x107.jpg\" class=\"attachment-medium size-medium wp-image-1379\" alt=\"Diffusor mit Kerze und Decke\" decoding=\"async\" loading=\"lazy\" srcset=\"https:\/\/www.levandeo.de\/ratgeber\/wp-content\/uploads\/2021\/07\/raumduefte-mit-allen-fuenf-sinnen-zuhause-wohlfuehlen-300x107.jpg 300w, https:\/\/www.levandeo.de\/ratgeber\/wp-content\/uploads\/2021\/07\/raumduefte-mit-allen-fuenf-sinnen-zuhause-wohlfuehlen-1024x366.jpg 1024w, https:\/\/www.levandeo.de\/ratgeber\/wp-content\/uploads\/2021\/07\/raumduefte-mit-allen-fuenf-sinnen-zuhause-wohlfuehlen-768x274.jpg 768w, https:\/\/www.levandeo.de\/ratgeber\/wp-content\/uploads\/2021\/07\/raumduefte-mit-allen-fuenf-sinnen-zuhause-wohlfuehlen.jpg 1120w\" sizes=\"(max-width: 300px) 100vw, 300px\" \/><\/div><\/a>\n\t\t\t\t<div class=\"elementor-post__text\">\n\t\t\t\t<h3 class=\"elementor-post__title\">\n\t\t\t<a href=\"https:\/\/www.levandeo.de\/ratgeber\/raumduefte-mit-allen-fuenf-sinnen-zuhause-wohlfuehlen\/\" >\n\t\t\t\tRaumd\u00fcfte: Mit allen f\u00fcnf Sinnen Zuhause wohlf\u00fchlen\t\t\t<\/a>\n\t\t<\/h3>\n\t\t\t\t<\/div>\n\t\t\t\t\t<\/div>\n\t\t<\/article>\n\t\t\t\t<article class=\"elementor-post elementor-grid-item post-1305 post type-post status-publish format-standard has-post-thumbnail hentry category-home-living\">\n\t\t\t<div class=\"elementor-post__card\">\n\t\t\t\t<a class=\"elementor-post__thumbnail__link\" href=\"https:\/\/www.levandeo.de\/ratgeber\/wie-die-richtige-beleuchtung-ihr-wohlbefinden-zu-hause-steigern-kann\/\" ><div class=\"elementor-post__thumbnail\"><img width=\"300\" height=\"107\" src=\"https:\/\/www.levandeo.de\/ratgeber\/wp-content\/uploads\/2021\/06\/die-richtige-beleuchtung-fuer-zuhause-300x107.jpg\" class=\"attachment-medium size-medium wp-image-1310\" alt=\"Lampen leuchten auf Couch\" decoding=\"async\" loading=\"lazy\" srcset=\"https:\/\/www.levandeo.de\/ratgeber\/wp-content\/uploads\/2021\/06\/die-richtige-beleuchtung-fuer-zuhause-300x107.jpg 300w, https:\/\/www.levandeo.de\/ratgeber\/wp-content\/uploads\/2021\/06\/die-richtige-beleuchtung-fuer-zuhause-1024x366.jpg 1024w, https:\/\/www.levandeo.de\/ratgeber\/wp-content\/uploads\/2021\/06\/die-richtige-beleuchtung-fuer-zuhause-768x274.jpg 768w, https:\/\/www.levandeo.de\/ratgeber\/wp-content\/uploads\/2021\/06\/die-richtige-beleuchtung-fuer-zuhause.jpg 1120w\" sizes=\"(max-width: 300px) 100vw, 300px\" \/><\/div><\/a>\n\t\t\t\t<div class=\"elementor-post__text\">\n\t\t\t\t<h3 class=\"elementor-post__title\">\n\t\t\t<a href=\"https:\/\/www.levandeo.de\/ratgeber\/wie-die-richtige-beleuchtung-ihr-wohlbefinden-zu-hause-steigern-kann\/\" >\n\t\t\t\tWie die richtige Beleuchtung Ihr Wohlbefinden zu Hause steigern kann\t\t\t<\/a>\n\t\t<\/h3>\n\t\t\t\t<\/div>\n\t\t\t\t\t<\/div>\n\t\t<\/article>\n\t\t\t\t<article class=\"elementor-post elementor-grid-item post-878 post type-post status-publish format-standard has-post-thumbnail hentry category-home-living category-allgemein\">\n\t\t\t<div class=\"elementor-post__card\">\n\t\t\t\t<a class=\"elementor-post__thumbnail__link\" href=\"https:\/\/www.levandeo.de\/ratgeber\/seit-wann-gibt-es-wanduhren\/\" ><div class=\"elementor-post__thumbnail\"><img width=\"300\" height=\"107\" src=\"https:\/\/www.levandeo.de\/ratgeber\/wp-content\/uploads\/2021\/01\/seit-wann-gibt-es-wanduhren-300x107.jpg\" class=\"attachment-medium size-medium wp-image-894\" alt=\"\u200bSeit wann gibt es Wanduhren?\" decoding=\"async\" loading=\"lazy\" srcset=\"https:\/\/www.levandeo.de\/ratgeber\/wp-content\/uploads\/2021\/01\/seit-wann-gibt-es-wanduhren-300x107.jpg 300w, https:\/\/www.levandeo.de\/ratgeber\/wp-content\/uploads\/2021\/01\/seit-wann-gibt-es-wanduhren-1024x366.jpg 1024w, https:\/\/www.levandeo.de\/ratgeber\/wp-content\/uploads\/2021\/01\/seit-wann-gibt-es-wanduhren-768x274.jpg 768w, https:\/\/www.levandeo.de\/ratgeber\/wp-content\/uploads\/2021\/01\/seit-wann-gibt-es-wanduhren.jpg 1120w\" sizes=\"(max-width: 300px) 100vw, 300px\" \/><\/div><\/a>\n\t\t\t\t<div class=\"elementor-post__text\">\n\t\t\t\t<h3 class=\"elementor-post__title\">\n\t\t\t<a href=\"https:\/\/www.levandeo.de\/ratgeber\/seit-wann-gibt-es-wanduhren\/\" >\n\t\t\t\t\u200bSeit wann gibt es Wanduhren?\t\t\t<\/a>\n\t\t<\/h3>\n\t\t\t\t<\/div>\n\t\t\t\t\t<\/div>\n\t\t<\/article>\n\t\t\t\t<article class=\"elementor-post elementor-grid-item post-860 post type-post status-publish format-standard has-post-thumbnail hentry category-home-living category-allgemein\">\n\t\t\t<div class=\"elementor-post__card\">\n\t\t\t\t<a class=\"elementor-post__thumbnail__link\" href=\"https:\/\/www.levandeo.de\/ratgeber\/wie-werden-glasbilder-hergestellt\/\" ><div class=\"elementor-post__thumbnail\"><img width=\"300\" height=\"107\" src=\"https:\/\/www.levandeo.de\/ratgeber\/wp-content\/uploads\/2021\/01\/wie-werden-glasbilder-hergestellt-300x107.jpg\" class=\"attachment-medium size-medium wp-image-907\" alt=\"Wie werden Glasbilder hergestellt?\" decoding=\"async\" loading=\"lazy\" srcset=\"https:\/\/www.levandeo.de\/ratgeber\/wp-content\/uploads\/2021\/01\/wie-werden-glasbilder-hergestellt-300x107.jpg 300w, https:\/\/www.levandeo.de\/ratgeber\/wp-content\/uploads\/2021\/01\/wie-werden-glasbilder-hergestellt-1024x366.jpg 1024w, https:\/\/www.levandeo.de\/ratgeber\/wp-content\/uploads\/2021\/01\/wie-werden-glasbilder-hergestellt-768x274.jpg 768w, https:\/\/www.levandeo.de\/ratgeber\/wp-content\/uploads\/2021\/01\/wie-werden-glasbilder-hergestellt.jpg 1120w\" sizes=\"(max-width: 300px) 100vw, 300px\" \/><\/div><\/a>\n\t\t\t\t<div class=\"elementor-post__text\">\n\t\t\t\t<h3 class=\"elementor-post__title\">\n\t\t\t<a href=\"https:\/\/www.levandeo.de\/ratgeber\/wie-werden-glasbilder-hergestellt\/\" >\n\t\t\t\t\u200bWie werden Glasbilder hergestellt?\t\t\t<\/a>\n\t\t<\/h3>\n\t\t\t\t<\/div>\n\t\t\t\t\t<\/div>\n\t\t<\/article>\n\t\t\t\t<article class=\"elementor-post elementor-grid-item post-83 post type-post status-publish format-standard has-post-thumbnail hentry category-home-living category-allgemein\">\n\t\t\t<div class=\"elementor-post__card\">\n\t\t\t\t<a class=\"elementor-post__thumbnail__link\" href=\"https:\/\/www.levandeo.de\/ratgeber\/kreative-kuechenkunst-glasbilder-glasuhren\/\" ><div class=\"elementor-post__thumbnail\"><img width=\"300\" height=\"107\" src=\"https:\/\/www.levandeo.de\/ratgeber\/wp-content\/uploads\/2021\/01\/kuechen-kunst-300x107.jpg\" class=\"attachment-medium size-medium wp-image-738\" alt=\"Kreative K\u00fcchenkunst \u2013 Glasbilder &amp; Glasuhren\" decoding=\"async\" loading=\"lazy\" srcset=\"https:\/\/www.levandeo.de\/ratgeber\/wp-content\/uploads\/2021\/01\/kuechen-kunst-300x107.jpg 300w, https:\/\/www.levandeo.de\/ratgeber\/wp-content\/uploads\/2021\/01\/kuechen-kunst-1024x366.jpg 1024w, https:\/\/www.levandeo.de\/ratgeber\/wp-content\/uploads\/2021\/01\/kuechen-kunst-768x274.jpg 768w, https:\/\/www.levandeo.de\/ratgeber\/wp-content\/uploads\/2021\/01\/kuechen-kunst.jpg 1120w\" sizes=\"(max-width: 300px) 100vw, 300px\" \/><\/div><\/a>\n\t\t\t\t<div class=\"elementor-post__text\">\n\t\t\t\t<h3 class=\"elementor-post__title\">\n\t\t\t<a href=\"https:\/\/www.levandeo.de\/ratgeber\/kreative-kuechenkunst-glasbilder-glasuhren\/\" >\n\t\t\t\t\u200bKreative K\u00fcchenkunst &#8211; Glasbilder &#038; Glasuhren\t\t\t<\/a>\n\t\t<\/h3>\n\t\t\t\t<\/div>\n\t\t\t\t\t<\/div>\n\t\t<\/article>\n\t\t\t\t<\/div>\n\t\t\n\t\t\t\t<\/div>\n\t\t\t\t<\/div>\n\t\t\t\t\t\t<\/div>\n\t\t\t\t\t<\/div>\n\t\t<\/div>\n\t\t\t\t\t\t\t\t<\/div>\n\t\t\t\t\t<\/div>\n\t\t<\/section>\n\t\t\t\t\t\t\t\t\t<\/div>\n\t\t\t<\/div>\n\t\t\t\t\t<\/div>\n\t\t","protected":false},"excerpt":{"rendered":"","protected":false},"author":1,"featured_media":0,"parent":0,"menu_order":0,"comment_status":"closed","ping_status":"closed","template":"elementor_header_footer","meta":[],"_links":{"self":[{"href":"https:\/\/www.levandeo.de\/ratgeber\/wp-json\/wp\/v2\/pages\/298"}],"collection":[{"href":"https:\/\/www.levandeo.de\/ratgeber\/wp-json\/wp\/v2\/pages"}],"about":[{"href":"https:\/\/www.levandeo.de\/ratgeber\/wp-json\/wp\/v2\/types\/page"}],"author":[{"embeddable":true,"href":"https:\/\/www.levandeo.de\/ratgeber\/wp-json\/wp\/v2\/users\/1"}],"replies":[{"embeddable":true,"href":"https:\/\/www.levandeo.de\/ratgeber\/wp-json\/wp\/v2\/comments?post=298"}],"version-history":[{"count":101,"href":"https:\/\/www.levandeo.de\/ratgeber\/wp-json\/wp\/v2\/pages\/298\/revisions"}],"predecessor-version":[{"id":1666,"href":"https:\/\/www.levandeo.de\/ratgeber\/wp-json\/wp\/v2\/pages\/298\/revisions\/1666"}],"wp:attachment":[{"href":"https:\/\/www.levandeo.de\/ratgeber\/wp-json\/wp\/v2\/media?parent=298"}],"curies":[{"name":"wp","href":"https:\/\/api.w.org\/{rel}","templated":true}]}}